{"id":14,"date":"2012-04-12T08:07:24","date_gmt":"2012-04-12T08:07:24","guid":{"rendered":"http:\/\/www.ecolesaintroch.be.preview06.oxito.com\/?page_id=14"},"modified":"2021-04-12T19:03:22","modified_gmt":"2021-04-12T19:03:22","slug":"calendrier-scolaire","status":"publish","type":"page","link":"https:\/\/www.ecolesaintroch.be\/?page_id=14","title":{"rendered":"Mot de la Direction"},"content":{"rendered":"\n<p>Chers Parents,&nbsp;<\/p>\n\n\n\n<p>Au nom de toute l&#8217;\u00e9quipe \u00e9ducative, je vous souhaite la bienvenue sur le site de l&#8217;\u00e9cole fondamentale Saint-Roch.&nbsp;Une \u00e9cole o\u00f9 les \u00e9l\u00e8ves se sentent \u00e0 l\u2019aise de sortir de leur zone de confort dans le but de d\u00e9couvrir et d\u2019apprendre.&nbsp;<\/p>\n\n\n\n<p>L\u2019\u00e9cole Saint-Roch est&nbsp;une \u00e9cole active et \u00e9nergique, et ce, gr\u00e2ce \u00e0&nbsp;la&nbsp;passion et&nbsp;au d\u00e9vouement de l\u2019\u00e9quipe \u00e9ducative qui assume la responsabilit\u00e9 partag\u00e9e de l\u2019\u00e9ducation de vos enfants. En priorisant nos valeurs communes,&nbsp;<strong>d\u00e9passement de soi, respect, ainsi que bien-\u00eatre et s\u00e9curit\u00e9<\/strong>, nous les guidons de fa\u00e7on bienveillante vers la r\u00e9ussite.&nbsp;<\/p>\n\n\n\n<p>Comme vous le savez les premi\u00e8res ann\u00e9es de la scolarit\u00e9 sont d\u00e9terminantes pour l&#8217;avenir d&#8217;un enfant. C&#8217;est pourquoi notre \u00e9cole pr\u00f4ne un enseignement en ad\u00e9quation avec les besoins des enfants, dans lequel ils se construisent des outils, des techniques de r\u00e9solution, de m\u00e9morisation tout en \u00e9tant actifs et plac\u00e9s au centre des apprentissages. Un enseignement dans lequel on accepte les diff\u00e9rences culturelles et philosophiques de chacun tout en respectant les valeurs de l&#8217;enseignement chr\u00e9tien. Autrement dit, avancer ensemble c&#8217;est entrer dans notre \u00e9cole o\u00f9 les enseignants et moi-m\u00eame mettons tout en \u0153uvre pour que vos enfants puissent acqu\u00e9rir les comp\u00e9tences qui les aideront \u00e0 poursuivre leurs \u00e9tudes.Chacun d\u2019entre nous apporte \u00e0 notre milieu son bagage et\u00a0son \u00e9nergie, ce qui en fait une \u00e9cole d\u2019exception.\u00a0<\/p>\n\n\n\n<p>Tout au long du parcours scolaire, c\u2019est avec le plus grand bonheur que nous accompagnons vos enfants afin qu\u2019ils puissent s\u2019\u00e9panouir et se sentir bien chez nous, dans notre \u00e9cole !<\/p>\n\n\n\n<p>Vous y trouverez \u00e9galement sur notre site toutes les informations relatives \u00e0 la vie de notre \u00e9cole et \u00e0 son mode de fonctionnement.&nbsp;<\/p>\n\n\n\n<p>Merci pour l\u2019int\u00e9r\u00eat que vous portez \u00e0 notre \u00e9cole.<\/p>\n\n\n\n<p>&nbsp;&nbsp;&nbsp;&nbsp;&nbsp;&nbsp;&nbsp;&nbsp;&nbsp;&nbsp;&nbsp;&nbsp;&nbsp;&nbsp;&nbsp;&nbsp;&nbsp;&nbsp;&nbsp;&nbsp;&nbsp;&nbsp;&nbsp;&nbsp;&nbsp;&nbsp;&nbsp;&nbsp;&nbsp;&nbsp;&nbsp;&nbsp;&nbsp;&nbsp;&nbsp;&nbsp;&nbsp;&nbsp;&nbsp;&nbsp;&nbsp;&nbsp;&nbsp;&nbsp;&nbsp;&nbsp;&nbsp;&nbsp;&nbsp;&nbsp;&nbsp;&nbsp;&nbsp;&nbsp;&nbsp;&nbsp;&nbsp;&nbsp;&nbsp;&nbsp;&nbsp;&nbsp;&nbsp;&nbsp;&nbsp;&nbsp;&nbsp;&nbsp;&nbsp;&nbsp;&nbsp;&nbsp;&nbsp;&nbsp;&nbsp;&nbsp;&nbsp;&nbsp;&nbsp;&nbsp;&nbsp;&nbsp;&nbsp;&nbsp;&nbsp;La Direction<\/p>\n\n\n\n<p>&nbsp;&nbsp;&nbsp;&nbsp;&nbsp;&nbsp;&nbsp;&nbsp;&nbsp;&nbsp;&nbsp;&nbsp;&nbsp;&nbsp;&nbsp;&nbsp;&nbsp;&nbsp;&nbsp;&nbsp;&nbsp;&nbsp;&nbsp;&nbsp;&nbsp;&nbsp;&nbsp;&nbsp;&nbsp;&nbsp;&nbsp;&nbsp;&nbsp;&nbsp;&nbsp;&nbsp;&nbsp;&nbsp;&nbsp;&nbsp;&nbsp;&nbsp;&nbsp;&nbsp;&nbsp;&nbsp;&nbsp;&nbsp;&nbsp;&nbsp;&nbsp;&nbsp;&nbsp;&nbsp;&nbsp;&nbsp;&nbsp;&nbsp;&nbsp;&nbsp;&nbsp;&nbsp;&nbsp;&nbsp;&nbsp;&nbsp;&nbsp;&nbsp;&nbsp;&nbsp;&nbsp;&nbsp;&nbsp;&nbsp;&nbsp;&nbsp;&nbsp;&nbsp;&nbsp;&nbsp;&nbsp;&nbsp;&nbsp;&nbsp;&nbsp;Mr Thierry<\/p>\n","protected":false},"excerpt":{"rendered":"<p>Chers Parents,&nbsp; Au nom de toute l&#8217;\u00e9quipe \u00e9ducative, je vous souhaite la bienvenue sur le site de l&#8217;\u00e9cole fondamentale Saint-Roch.&nbsp;Une \u00e9cole o\u00f9 les \u00e9l\u00e8ves se&#8230; <a href=\"https:\/\/www.ecolesaintroch.be\/?page_id=14\">[+]<\/a><\/p>\n","protected":false},"author":1,"featured_media":0,"parent":0,"menu_order":0,"comment_status":"open","ping_status":"open","template":"","meta":[],"_links":{"self":[{"href":"https:\/\/www.ecolesaintroch.be\/index.php?rest_route=\/wp\/v2\/pages\/14"}],"collection":[{"href":"https:\/\/www.ecolesaintroch.be\/index.php?rest_route=\/wp\/v2\/pages"}],"about":[{"href":"https:\/\/www.ecolesaintroch.be\/index.php?rest_route=\/wp\/v2\/types\/page"}],"author":[{"embeddable":true,"href":"https:\/\/www.ecolesaintroch.be\/index.php?rest_route=\/wp\/v2\/users\/1"}],"replies":[{"embeddable":true,"href":"https:\/\/www.ecolesaintroch.be\/index.php?rest_route=%2Fwp%2Fv2%2Fcomments&post=14"}],"version-history":[{"count":32,"href":"https:\/\/www.ecolesaintroch.be\/index.php?rest_route=\/wp\/v2\/pages\/14\/revisions"}],"predecessor-version":[{"id":6884,"href":"https:\/\/www.ecolesaintroch.be\/index.php?rest_route=\/wp\/v2\/pages\/14\/revisions\/6884"}],"wp:attachment":[{"href":"https:\/\/www.ecolesaintroch.be\/index.php?rest_route=%2Fwp%2Fv2%2Fmedia&parent=14"}],"curies":[{"name":"wp","href":"https:\/\/api.w.org\/{rel}","templated":true}]}}